{"id":846,"date":"2010-11-25T16:51:35","date_gmt":"2010-11-25T15:51:35","guid":{"rendered":"http:\/\/www.projektakademien.se\/pa\/?page_id=846"},"modified":"2015-05-29T13:30:22","modified_gmt":"2015-05-29T12:30:22","slug":"vinnare-2010","status":"publish","type":"page","link":"https:\/\/www.projektakademien.se\/pa\/utmarkelser\/arets-projektledare\/vinnare-2010\/","title":{"rendered":"\u00c5rets Projektledare 2010"},"content":{"rendered":"<h3 style=\"text-align: center;\">Till \u00c5rets Projektledare 2010 har Svenska ProjektAkademien utsett<\/h3>\n<h1 style=\"text-align: center;\">Bj\u00f6rn Helander<\/h1>\n<p style=\"text-align: center;\">\u00a0<\/p>\n<p>\u00a0<\/p>\n<p style=\"text-align: center;\"><strong><em>Bj\u00f6rn Helander f\u00e5r utm\u00e4rkelsen f\u00f6r sitt utomordentligt uth\u00e5lliga och f\u00f6red\u00f6mliga s\u00e4tt att leda Projekt Havs\u00f6rn, vars insatser f\u00f6r\u00e4ndrat havs\u00f6rnens villkor fr\u00e5n att vara akut utrotningshotad till att bli en v\u00e4l utbredd och livskraftig art, och d\u00e4rmed blivit en f\u00f6rebild f\u00f6r andra faunav\u00e5rdsprojeket.<\/em><\/strong><\/p>\n<p><strong><em>\u00a0<\/em><\/strong><\/p>\n<div id=\"attachment_852\" style=\"width: 310px\" class=\"wp-caption alignleft\"><a href=\"http:\/\/www.projektakademien.se\/pa\/wp-content\/uploads\/2010\/11\/BjornHelander1.jpg\"><img aria-describedby=\"caption-attachment-852\" loading=\"lazy\" class=\"size-medium wp-image-852\" title=\"BjornHelander\" src=\"http:\/\/www.projektakademien.se\/pa\/wp-content\/uploads\/2010\/11\/BjornHelander1-300x225.jpg\" alt=\"\" width=\"300\" height=\"225\" srcset=\"https:\/\/www.projektakademien.se\/pa\/wp-content\/uploads\/2010\/11\/BjornHelander1-300x225.jpg 300w, https:\/\/www.projektakademien.se\/pa\/wp-content\/uploads\/2010\/11\/BjornHelander1.jpg 960w\" sizes=\"(max-width: 300px) 100vw, 300px\" \/><\/a><p id=\"caption-attachment-852\" class=\"wp-caption-text\">Bj\u00f6rn Helander med havs\u00f6rnsunge. Fotograf: Patrik Olofsson.<\/p><\/div>\n<p><strong>Bj\u00f6rn<\/strong> startade projektet p\u00e5 1970-talet med att s\u00f6ka orsaker till den kraftiga nedg\u00e5ngen i havs\u00f6rnsbest\u00e5ndet samt havs\u00f6rnens mycket svaga fortplantningsf\u00f6rm\u00e5ga. Uppgiften att skapa en uth\u00e5lligt livskraftig stam visade sig st\u00e4lla krav p\u00e5 en m\u00e4ngd \u00e5tg\u00e4rder, inte enbart ett envist arbete f\u00f6r att minska milj\u00f6gifter utan ocks\u00e5 systematiska och \u00e5terkommande inventeringar, utfodring, unders\u00f6kningar av n\u00e4ringsekologi, skydd av boplatser, ringm\u00e4rkning och populationsgenetiska studier. Detta kr\u00e4vde samverkan mellan en rad olika forskare, kontakter med och p\u00e5verkan av skogs\u00e4gare och departement, samt inte minst ett omfattande kontaktarbete med hundratals frivilliga engagerade i inventering och skydd av boplatser och l\u00e5ngsiktlig st\u00f6dutfordring under vinterperioderna.<\/p>\n<p>\u00a0Projektet har uppn\u00e5tt internationellt erk\u00e4nda resultat l\u00e5ngt utanf\u00f6r det ornitologiska omr\u00e5det, b\u00e5de som f\u00f6red\u00f6mligt naturv\u00e5rdsprojekt och ur vetenskaplig synpunkt.\u00a0 Bj\u00f6rn har drivit ett omfattande praktiskt arbete men ocks\u00e5 flera djupg\u00e5ende studier om milj\u00f6gifters utbredning och har publicerat sig vetenskapligt en g\u00e5ng varje \u00e5r i minst i ca. 40 \u00e5rs tid i internationella tidskrifter. Han har i sitt arbete bl a lyckats korrelera halten av DDE och PCB i fett fr\u00e5n havs\u00f6rns\u00e4gg till reproduktionstakten av nya livskraftiga havs\u00f6rnsungar. Projektet bidrog starkt till att dessa milj\u00f6gifter f\u00f6rbj\u00f6ds! Det tog dock 20 \u00e5r innan det gav ett p\u00e5tagligt resultat i antalet livskraftiga havs\u00f6rnspar. Projekt Havs\u00f6rn har varit Sveriges f\u00f6rsta faunav\u00e5rdsprojekt och blivit stilbildare f\u00f6r efterkommande fauna projekt som projekt Pilgrimsfalk.<strong>\u00a0<\/strong><\/p>\n<p><a href=\"http:\/\/www.projektakademien.se\/pa\/wp-content\/uploads\/2011\/04\/APL2010fotoordf.jpg\"><img loading=\"lazy\" class=\"alignright size-medium wp-image-941\" title=\"APL2010fotoordf\" src=\"http:\/\/www.projektakademien.se\/pa\/wp-content\/uploads\/2011\/04\/APL2010fotoordf-300x216.jpg\" alt=\"\" width=\"300\" height=\"216\" srcset=\"https:\/\/www.projektakademien.se\/pa\/wp-content\/uploads\/2011\/04\/APL2010fotoordf-300x216.jpg 300w, https:\/\/www.projektakademien.se\/pa\/wp-content\/uploads\/2011\/04\/APL2010fotoordf-1024x737.jpg 1024w, https:\/\/www.projektakademien.se\/pa\/wp-content\/uploads\/2011\/04\/APL2010fotoordf.jpg 1524w\" sizes=\"(max-width: 300px) 100vw, 300px\" \/><\/a><\/p>\n<p>Bj\u00f6rn Helanders ledarskap har pr\u00e4glats av att projektet till stora delar genomf\u00f6rts p\u00e5 ideell basis. Bj\u00f6rn har l\u00f6st detta med ett eget engagemang och en kunskap inom omr\u00e5det som g\u00e5r ut\u00f6ver det mesta. Arbetet har pr\u00e4glats av h\u00f6g noggrannhet med systematisk uppf\u00f6ljning och kartl\u00e4ggning av utveckling och resultat. Bj\u00f6rn har visat att vissa projekt faktiskt m\u00e5ste vara l\u00e5ngsiktiga dvs 30-40 \u00e5r f\u00f6r att n\u00e5 ett stabilt slutresultat. Havs\u00f6rnen b\u00f6rjar nu f\u00e5 den utbredning i Sverige som den hade p\u00e5 1850-talet vilket \u00e4r ett fantastiskt resultat!<\/p>\n<p>I sin ledarroll har Bj\u00f6rn agerat f\u00f6red\u00f6me genom att alltid delta sj\u00e4lv och vara aktiv i alla olika delar, fr\u00e5n de mycket jordn\u00e4ra till det viktiga arbetet att p\u00e5verka olika intressenter, fr\u00e5n mark\u00e4gare, myndigheter till f\u00f6retr\u00e4dare f\u00f6r EU-kommissionen och med justitiedepartementet.<\/p>\n<p>T\u00e4nk p\u00e5 Bj\u00f6rns insats n\u00e4r ni n\u00e4sta g\u00e5ng njuter av synen av havs\u00f6rn i sk\u00e4rg\u00e5rden, fj\u00e4llen eller vid n\u00e5gon av v\u00e5ra stora insj\u00f6ar!<\/p>\n<p><a href=\"http:\/\/www.projektakademien.se\/pa\/wp-content\/uploads\/2011\/04\/2010-Bj\u00f6rn-Helander.pdf\">L\u00e4s Torbj\u00f6rn Wenells intervju med Bj\u00f6rn Helander!<\/a><\/p>\n<div id=\"attachment_852\" style=\"width: 310px\" class=\"wp-caption alignleft\"><a href=\"http:\/\/www.projektakademien.se\/pa\/wp-content\/uploads\/2011\/12\/Havs\u00f6rn-med-SPAK-buckla.jpg\"><img aria-describedby=\"caption-attachment-852\" loading=\"lazy\" class=\"size-medium wp-image-852\" title=\"BjornHelander\" src=\"http:\/\/www.projektakademien.se\/pa\/wp-content\/uploads\/2011\/12\/Havs\u00f6rn-med-SPAK-buckla.jpg\" alt=\"\" width=\"300\" height=\"225\" \/><\/a><p id=\"caption-attachment-852\" class=\"wp-caption-text\">Havs\u00f6rn med Svenska Projektakademiens prisbuckla. Fotograf: Bj\u00f6rn Helander.<\/p><\/div>\n<p>Sedan 1995 delar Svenska ProjektAkademien ut utm\u00e4rkelsen \u00c5rets Projektledare till personer som gjort utomordentliga projektledarg\u00e4rningar. Akademien g\u00f6r bed\u00f6mningen efter <strong>ledarskapets utf\u00f6rande<\/strong>, <strong>resultatet av genomf\u00f6rd verksamhet, projektets omfattning och komplexitet samt nyt\u00e4nkande i projektarbetet. <\/strong><\/p>\n<p>Svenska ProjektAkademien har till uppgift att fr\u00e4mja utvecklingen och till\u00e4mpningen av projektformen i svenskt arbetsliv. Bland akademiens ledam\u00f6ter finns tekniker, ekonomer, beteendevetare och humanister fr\u00e5n n\u00e4ringsliv, offentlig verksamhet, universitet och h\u00f6gskolor.<\/p>\n<p>F\u00f6r ytterligare information kontakta:<\/p>\n<p>Ulla-Britt Westerberg, Svenska ProjektAkademien Tfn: 0705-761\u00a0 190<\/p>\n<p>E-mail: <a href=\"mailto:ubwesterberg@gmail.com\">ubwesterberg@gmail.com<\/a><\/p>\n<p>Bes\u00f6k g\u00e4rna akademiens hemsida: <a href=\"http:\/\/www.projektakademien.se\/\">www.projektakademien.se<\/a><\/p>\n<hr size=\"3\" \/\n\nN\u00e4r Svenska ProjektAkademien 2010 skulle utse \u00c5rets Projektledare hade man angen\u00e4ma bekymmer. Dels f\u00f6r att nomineringarna var m\u00e5nga, dels f\u00f6r att det var oerh\u00f6rt sv\u00e5rt att avg\u00f6ra vem av de tre mycket kvalificerade \u201dfinalisterna\u201d som skulle tilldelas utm\u00e4rkelsen. Efter vad man skulle kunna likna vid en fotofinish tilldelades Bj\u00f6rn Helander utm\u00e4rkelsen f\u00f6r sitt s\u00e4tt att leda projektet \u201dR\u00e4dda havs\u00f6rnen\u201d.\u00a0 Olle Lundin ledare f\u00f6r Rikspolisstyrelsens projekt \u201dBrott i n\u00e4ra relationer\u201d och Johannes Morelius projektledare f\u00f6r Elektas str\u00e5lkniv delade p\u00e5 andraplatsen. L\u00e4s Torbj\u00f6rn Wenells intervjuer med dem b\u00e4gge! \n\n<a href=\"http:\/\/www.projektakademien.se\/pa\/wp-content\/uploads\/2011\/11\/Original_PV_2-11-Polisprojektet-s-18-20.pdf\">Olle Lundin<\/a><\/p>\n<p><a href=\"http:\/\/www.projektakademien.se\/pa\/wp-content\/uploads\/2011\/11\/PV-3-11-T-Wenell-intervju.pdf\">Johannes Morelius<\/a><\/p>\n","protected":false},"excerpt":{"rendered":"<p>Till \u00c5rets Projektledare 2010 har Svenska ProjektAkademien utsett Bj\u00f6rn Helander \u00a0 \u00a0 Bj\u00f6rn Helander f\u00e5r utm\u00e4rkelsen f\u00f6r sitt utomordentligt uth\u00e5lliga och f\u00f6red\u00f6mliga s\u00e4tt att leda Projekt Havs\u00f6rn, vars insatser f\u00f6r\u00e4ndrat havs\u00f6rnens villkor fr\u00e5n att vara akut utrotningshotad till att bli en v\u00e4l utbredd och livskraftig art, och d\u00e4rmed blivit en f\u00f6rebild f\u00f6r andra faunav\u00e5rdsprojeket. \u00a0 [&hellip;]<\/p>\n","protected":false},"author":1,"featured_media":0,"parent":130,"menu_order":35,"comment_status":"open","ping_status":"open","template":"","meta":{"ngg_post_thumbnail":0},"categories":[1],"tags":[],"_links":{"self":[{"href":"https:\/\/www.projektakademien.se\/pa\/wp-json\/wp\/v2\/pages\/846"}],"collection":[{"href":"https:\/\/www.projektakademien.se\/pa\/wp-json\/wp\/v2\/pages"}],"about":[{"href":"https:\/\/www.projektakademien.se\/pa\/wp-json\/wp\/v2\/types\/page"}],"author":[{"embeddable":true,"href":"https:\/\/www.projektakademien.se\/pa\/wp-json\/wp\/v2\/users\/1"}],"replies":[{"embeddable":true,"href":"https:\/\/www.projektakademien.se\/pa\/wp-json\/wp\/v2\/comments?post=846"}],"version-history":[{"count":49,"href":"https:\/\/www.projektakademien.se\/pa\/wp-json\/wp\/v2\/pages\/846\/revisions"}],"predecessor-version":[{"id":2622,"href":"https:\/\/www.projektakademien.se\/pa\/wp-json\/wp\/v2\/pages\/846\/revisions\/2622"}],"up":[{"embeddable":true,"href":"https:\/\/www.projektakademien.se\/pa\/wp-json\/wp\/v2\/pages\/130"}],"wp:attachment":[{"href":"https:\/\/www.projektakademien.se\/pa\/wp-json\/wp\/v2\/media?parent=846"}],"wp:term":[{"taxonomy":"category","embeddable":true,"href":"https:\/\/www.projektakademien.se\/pa\/wp-json\/wp\/v2\/categories?post=846"},{"taxonomy":"post_tag","embeddable":true,"href":"https:\/\/www.projektakademien.se\/pa\/wp-json\/wp\/v2\/tags?post=846"}],"curies":[{"name":"wp","href":"https:\/\/api.w.org\/{rel}","templated":true}]}}