{"id":6713,"date":"2024-05-22T12:24:02","date_gmt":"2024-05-22T11:24:02","guid":{"rendered":"https:\/\/www.projektakademien.se\/pa\/?page_id=6713"},"modified":"2024-05-22T12:24:03","modified_gmt":"2024-05-22T11:24:03","slug":"per-asplund","status":"publish","type":"page","link":"https:\/\/www.projektakademien.se\/pa\/per-asplund\/","title":{"rendered":"Per Asplund"},"content":{"rendered":"\n<div class=\"wp-block-columns\">\n<div class=\"wp-block-column\">\n<p>Per \u00e4r senior projektledare p\u00e5 SCA (sedan 2002) och har arbetat i m\u00e5nga internationella projekt.<\/p>\n\n\n\n<p><\/p>\n\n\n\n<p>Bor i Sundsvall.<\/p>\n\n\n\n<p><\/p>\n<\/div>\n\n\n\n<div class=\"wp-block-column\">\n<figure class=\"wp-block-image size-large\"><a href=\"https:\/\/www.projektakademien.se\/pa\/wp-content\/uploads\/2024\/05\/Per-Asplund.jpg\"><img loading=\"lazy\" width=\"761\" height=\"761\" src=\"https:\/\/www.projektakademien.se\/pa\/wp-content\/uploads\/2024\/05\/Per-Asplund.jpg\" alt=\"\" class=\"wp-image-6716\" srcset=\"https:\/\/www.projektakademien.se\/pa\/wp-content\/uploads\/2024\/05\/Per-Asplund.jpg 761w, https:\/\/www.projektakademien.se\/pa\/wp-content\/uploads\/2024\/05\/Per-Asplund-300x300.jpg 300w, https:\/\/www.projektakademien.se\/pa\/wp-content\/uploads\/2024\/05\/Per-Asplund-150x150.jpg 150w, https:\/\/www.projektakademien.se\/pa\/wp-content\/uploads\/2024\/05\/Per-Asplund-570x570.jpg 570w, https:\/\/www.projektakademien.se\/pa\/wp-content\/uploads\/2024\/05\/Per-Asplund-380x380.jpg 380w, https:\/\/www.projektakademien.se\/pa\/wp-content\/uploads\/2024\/05\/Per-Asplund-285x285.jpg 285w\" sizes=\"(max-width: 761px) 100vw, 761px\" \/><\/a><\/figure>\n<\/div>\n<\/div>\n\n\n\n<p><\/p>\n","protected":false},"excerpt":{"rendered":"<p>Per \u00e4r senior projektledare p\u00e5 SCA (sedan 2002) och har arbetat i m\u00e5nga internationella projekt. Bor i Sundsvall.<\/p>\n","protected":false},"author":11,"featured_media":0,"parent":0,"menu_order":0,"comment_status":"closed","ping_status":"closed","template":"","meta":{"ngg_post_thumbnail":0},"categories":[],"tags":[],"_links":{"self":[{"href":"https:\/\/www.projektakademien.se\/pa\/wp-json\/wp\/v2\/pages\/6713"}],"collection":[{"href":"https:\/\/www.projektakademien.se\/pa\/wp-json\/wp\/v2\/pages"}],"about":[{"href":"https:\/\/www.projektakademien.se\/pa\/wp-json\/wp\/v2\/types\/page"}],"author":[{"embeddable":true,"href":"https:\/\/www.projektakademien.se\/pa\/wp-json\/wp\/v2\/users\/11"}],"replies":[{"embeddable":true,"href":"https:\/\/www.projektakademien.se\/pa\/wp-json\/wp\/v2\/comments?post=6713"}],"version-history":[{"count":1,"href":"https:\/\/www.projektakademien.se\/pa\/wp-json\/wp\/v2\/pages\/6713\/revisions"}],"predecessor-version":[{"id":6719,"href":"https:\/\/www.projektakademien.se\/pa\/wp-json\/wp\/v2\/pages\/6713\/revisions\/6719"}],"wp:attachment":[{"href":"https:\/\/www.projektakademien.se\/pa\/wp-json\/wp\/v2\/media?parent=6713"}],"wp:term":[{"taxonomy":"category","embeddable":true,"href":"https:\/\/www.projektakademien.se\/pa\/wp-json\/wp\/v2\/categories?post=6713"},{"taxonomy":"post_tag","embeddable":true,"href":"https:\/\/www.projektakademien.se\/pa\/wp-json\/wp\/v2\/tags?post=6713"}],"curies":[{"name":"wp","href":"https:\/\/api.w.org\/{rel}","templated":true}]}}