{"id":466,"date":"2010-04-27T12:45:34","date_gmt":"2010-04-27T11:45:34","guid":{"rendered":"http:\/\/www.projektakademien.se\/pa\/?page_id=466"},"modified":"2015-05-29T13:30:13","modified_gmt":"2015-05-29T12:30:13","slug":"vinnare-2009","status":"publish","type":"page","link":"https:\/\/www.projektakademien.se\/pa\/utmarkelser\/arets-projektledare\/vinnare-2009\/","title":{"rendered":"\u00c5rets Projektledare 2009"},"content":{"rendered":"<h3>\u00c5rets projektledare 2009 \u2013 Kaj Ahlbom<\/h3>\n<p><strong>Kaj Ahlbom f\u00e5r priset f\u00f6r sitt projektledarskap i delprojektet &#8220;Forsmark &#8211; Platsen f\u00f6r slutf\u00f6rvaring av anv\u00e4nt k\u00e4rnbr\u00e4nsle.&#8221;<\/strong><\/p>\n<p><a href=\"http:\/\/www.projektakademien.se\/pa\/wp-content\/uploads\/2010\/03\/Kaj-Ahlbom-photo.jpg\"><img loading=\"lazy\" class=\"alignleft\" style=\"margin: 0px 6px 6px 0px;\" title=\"Kaj Ahlbom photo\" src=\"http:\/\/www.projektakademien.se\/pa\/wp-content\/uploads\/2010\/03\/Kaj-Ahlbom-photo.jpg\" alt=\"\" width=\"150\" height=\"194\" \/><\/a>Slutf\u00f6rvaring av k\u00e4rnavfall \u00e4r en internationellt synnerligen angel\u00e4gen fr\u00e5ga, som inget land \u00e4nnu har l\u00f6st. I arbetet med att finna h\u00e5llbara och samh\u00e4lleligt f\u00f6rankrade l\u00f6sningar har Sverige l\u00e4nge legat i framkanten. Det projekt som nu genomf\u00f6rts av Kaj Ahlbom i Forsmark har f\u00f6rt arbetet ett mycket stort steg fram\u00e5t och inneb\u00e4r att Sverige nu har en internationell t\u00e4tposition p\u00e5 detta mycket viktiga omr\u00e5de<\/p>\n<p>Kaj Ahlbom har under 7 \u00e5r varit projektledare med m\u00e5let att ta fram ett komplett beslutsunderlag till SKB, f\u00f6r val av plats, innefattande all teknisk dokumentation samt hantering av media och lokal opinion.<br \/>\nProjektets budget har varit ca.600 MSEK samt omfattat ett 35-tal personer plus ett mycket stort antal underentrepren\u00f6rer.<\/p>\n<p>Kaj Ahlbom har p\u00e5 ett unikt s\u00e4tt, med sin 30 \u00e5riga erfarenhet av k\u00e4rnavfallshantering, lyckats kombinera stor kunskap \u00f6ver hur man tar fram validerade tekniska basfakta och ett mycket k\u00e4nsligt, lyh\u00f6rt och m\u00e5lmedvetet arbete med att f\u00e5 en lokal acceptans f\u00f6r slutf\u00f6rvaret i \u00d6sthammars kommun.<\/p>\n<p>I projektet har 600 vetenskapliga rapporter f\u00f6rfattats. Resultatet, att hela 90 % av befolkningen i \u00d6sthammars kommun \u00e4r positiv till att slutf\u00f6rvaret byggs i hemkommunen, m\u00e5ste anses som ett extremt bra utfall.<br \/>\nDet finala juridiska beslutet till byggstart av k\u00e4rnbr\u00e4nslef\u00f6rvaret tas av regeringen efter en total tillst\u00e5ndspr\u00f6vning som ber\u00e4knas vara klar 2013. Om tidplanen h\u00e5ller ber\u00e4knas de f\u00f6rsta kapslarna b\u00f6rja lagras fr.o.m. 2023.<\/p>\n<p><a href=\"http:\/\/www.projektakademien.se\/pa\/wp-content\/uploads\/2010\/03\/2009-Kaj-Ahlbom-1.pdf\">L\u00e4s mer om Kaj Ahlbom!<\/a><\/p>\n<p><strong>Sedan 1995 delar Svenska ProjektAkademien ut utm\u00e4rkelsen \u00c5rets projektledare<\/strong> till personer som gjort utomordentliga projektledarg\u00e4rningar. Akademien g\u00f6r bed\u00f6mningen efter ledarskapets utf\u00f6rande, resultatet av genomf\u00f6rd verksamhet, projektets omfattning och komplexitet samt nyt\u00e4nkande i projektarbetet.<br \/>\nFullst\u00e4ndiga kriterier<\/p>\n<p>I ProjektAkademiens utskott f\u00f6r \u00c5rets projektledare ing\u00e5r:<br \/>\nAnders Andersson, 040-34 85 93\u00a0 <a href=\"mailto:\u00c5rets projektledare 2009 \u2013 Kaj Ahlbom Kaj Ahlbom f\u00e5r priset f\u00f6r sitt projektledarskap i delprojektet &quot;Forsmark - Platsen f\u00f6r slutf\u00f6rvaring av anv\u00e4nt k\u00e4rnbr\u00e4nsle.&quot; Slutf\u00f6rvaring av k\u00e4rnavfall \u00e4r en internationellt synnerligen angel\u00e4gen fr\u00e5ga, som inget land \u00e4nnu har l\u00f6st. I arbetet med att finna h\u00e5llbara och samh\u00e4lleligt f\u00f6rankrade l\u00f6sningar har Sverige l\u00e4nge legat i framkanten. Det projekt som nu genomf\u00f6rts av Kaj Ahlbom i Forsmark har f\u00f6rt arbetet ett mycket stort steg fram\u00e5t och inneb\u00e4r att Sverige nu har en internationell t\u00e4tposition p\u00e5 detta mycket viktiga omr\u00e5de Kaj Ahlbom har under 7 \u00e5r varit projektledare med m\u00e5let att ta fram ett komplett beslutsunderlag till SKB, f\u00f6r val av plats, innefattande all teknisk dokumentation samt hantering av media och lokal opinion. Projektets budget har varit ca.600 MSEK samt omfattat ett 35-tal personer plus ett mycket stort antal underentrepren\u00f6rer. Kaj Ahlbom har p\u00e5 ett unikt s\u00e4tt, med sin 30 \u00e5riga erfarenhet av k\u00e4rnavfallshantering, lyckats kombinera stor kunskap \u00f6ver hur man tar fram validerade tekniska basfakta och ett mycket k\u00e4nsligt, lyh\u00f6rt och m\u00e5lmedvetet arbete med att f\u00e5 en lokal acceptans f\u00f6r slutf\u00f6rvaret i \u00d6sthammars kommun. I projektet har 600 vetenskapliga rapporter f\u00f6rfattats. Resultatet, att hela 90 % av befolkningen i \u00d6sthammars kommun \u00e4r positiv till att slutf\u00f6rvaret byggs i hemkommunen, m\u00e5ste anses som ett extremt bra utfall. Det finala juridiska beslutet till byggstart av k\u00e4rnbr\u00e4nslef\u00f6rvaret tas av regeringen efter en total tillst\u00e5ndspr\u00f6vning som ber\u00e4knas vara klar 2013. Om tidplanen h\u00e5ller ber\u00e4knas de f\u00f6rsta kapslarna b\u00f6rja lagras fr.o.m. 2023. Ladda ner in en intervju med Kaj Ahlbom av Torbj\u00f6rn Wenell. Sedan 1995 delar Svenska ProjektAkademien ut utm\u00e4rkelsen \u00c5rets projektledare till personer som gjort utomordentliga projektledarg\u00e4rningar. Akademien g\u00f6r bed\u00f6mningen efter ledarskapets utf\u00f6rande, resultatet av genomf\u00f6rd verksamhet, projektets omfattning och komplexitet samt nyt\u00e4nkande i projektarbetet. Fullst\u00e4ndiga kriterier I ProjektAkademiens utskott f\u00f6r \u00c5rets projektledare ing\u00e5r: Anders Andersson, 040-34 85 93, anders.p.andersson@kockums.se Christian Berggren (sammankallande), 013-28 15 00, mailto:christian.berggren@liu.se Peter Rathsman, 08-627 62 00 mailto:peter.rathsman@ssc.se Britt-Marie Ryd\u00e9n, 018-489 15 36 mailto:mailto:B.Ryden@Q-Med.com Thomas Uhlin, 070-5335137 mailto: Thomas.uhlin@aprea.com Gunnila Masreliez-Steen 070-981 42 51 mail to : mz@contura.se\">anders.p.andersson@kockums.se<\/a><br \/>\nChristian Berggren (sammankallande), 013-28 15 00\u00a0 <a href=\"mailto:christian.berggren@liu.se\">christian.berggren@liu.se<\/a><br \/>\nPeter Rathsman, 08-627 62 00\u00a0 <a href=\"mailto:peter.rathsman@ssc.se\">peter.rathsman@ssc.se<\/a><br \/>\nBritt-Marie Ryd\u00e9n, 018-489 15 36\u00a0 <a href=\"mailto:B.Ryden@Q-Med.com\">B.Ryden@Q-Med.com<\/a><br \/>\nThomas Uhlin, 070-5335137\u00a0 <a href=\"mailto: Thomas.uhlin@aprea.com\">Thomas.uhlin@aprea.com<\/a><br \/>\nGunnila Masreliez-Steen 070-981 42 51 <a href=\"mailto:mz@contura.se\">mail to : mz@contura.se<\/a><\/p>\n","protected":false},"excerpt":{"rendered":"<p>\u00c5rets projektledare 2009 \u2013 Kaj Ahlbom Kaj Ahlbom f\u00e5r priset f\u00f6r sitt projektledarskap i delprojektet &#8220;Forsmark &#8211; Platsen f\u00f6r slutf\u00f6rvaring av anv\u00e4nt k\u00e4rnbr\u00e4nsle.&#8221; Slutf\u00f6rvaring av k\u00e4rnavfall \u00e4r en internationellt synnerligen angel\u00e4gen fr\u00e5ga, som inget land \u00e4nnu har l\u00f6st. I arbetet med att finna h\u00e5llbara och samh\u00e4lleligt f\u00f6rankrade l\u00f6sningar har Sverige l\u00e4nge legat i framkanten. Det [&hellip;]<\/p>\n","protected":false},"author":1,"featured_media":0,"parent":130,"menu_order":36,"comment_status":"open","ping_status":"open","template":"","meta":{"ngg_post_thumbnail":0},"categories":[1],"tags":[],"_links":{"self":[{"href":"https:\/\/www.projektakademien.se\/pa\/wp-json\/wp\/v2\/pages\/466"}],"collection":[{"href":"https:\/\/www.projektakademien.se\/pa\/wp-json\/wp\/v2\/pages"}],"about":[{"href":"https:\/\/www.projektakademien.se\/pa\/wp-json\/wp\/v2\/types\/page"}],"author":[{"embeddable":true,"href":"https:\/\/www.projektakademien.se\/pa\/wp-json\/wp\/v2\/users\/1"}],"replies":[{"embeddable":true,"href":"https:\/\/www.projektakademien.se\/pa\/wp-json\/wp\/v2\/comments?post=466"}],"version-history":[{"count":13,"href":"https:\/\/www.projektakademien.se\/pa\/wp-json\/wp\/v2\/pages\/466\/revisions"}],"predecessor-version":[{"id":2621,"href":"https:\/\/www.projektakademien.se\/pa\/wp-json\/wp\/v2\/pages\/466\/revisions\/2621"}],"up":[{"embeddable":true,"href":"https:\/\/www.projektakademien.se\/pa\/wp-json\/wp\/v2\/pages\/130"}],"wp:attachment":[{"href":"https:\/\/www.projektakademien.se\/pa\/wp-json\/wp\/v2\/media?parent=466"}],"wp:term":[{"taxonomy":"category","embeddable":true,"href":"https:\/\/www.projektakademien.se\/pa\/wp-json\/wp\/v2\/categories?post=466"},{"taxonomy":"post_tag","embeddable":true,"href":"https:\/\/www.projektakademien.se\/pa\/wp-json\/wp\/v2\/tags?post=466"}],"curies":[{"name":"wp","href":"https:\/\/api.w.org\/{rel}","templated":true}]}}