{"id":279,"date":"2010-04-08T21:00:37","date_gmt":"2010-04-08T20:00:37","guid":{"rendered":"http:\/\/www.projektakademien.se\/pa\/?page_id=279"},"modified":"2015-05-29T13:23:52","modified_gmt":"2015-05-29T12:23:52","slug":"vinnare-2005","status":"publish","type":"page","link":"https:\/\/www.projektakademien.se\/pa\/utmarkelser\/arets-projektledare\/vinnare-2005\/","title":{"rendered":"\u00c5rets Projektledare 2004"},"content":{"rendered":"<h3>\u00c5rets projektledare 2004<\/h3>\n<p>Andres Jallai \u00c5rets Projektledare 2004<br \/>\nLokaliseringen av den nedskjutna DC3:an<\/p>\n<p>Svenska Projektakademien utser Andres Jallai till \u00c5rets Projektledare 2004. Andres var projektledare f\u00f6r gruppen som lokaliserade den svenska DC3:an som 1952 sk\u00f6ts ned \u00f6ver \u00d6stersj\u00f6n. Denna uppgift har tidigare ansetts vara om\u00f6jlig, staten har till exempel letat i mer \u00e4n 50 \u00e5r utan att lyckas.<\/p>\n<p>Andres har genomf\u00f6rt projektet helt ideellt p\u00e5 sin fritid, parallellt med sitt arbete som flygkapten och st\u00e4llf\u00f6retr\u00e4dande chefspilot p\u00e5 SAS.<\/p>\n<p>Andres har l\u00f6st uppgiften genom noggrann planering, t\u00e5lamod, ifr\u00e5gas\u00e4ttande och uth\u00e5llighet. Hans ledarskap karakt\u00e4riseras av l\u00e5g profil, \u00e4rlighet, h\u00f6gt i tak med utrymme f\u00f6r konflikter och misslyckande samt beslutsfattande i konsensus. Han har ocks\u00e5 visat f\u00f6rm\u00e5ga att successivt kraftfullt utveckla sitt eget ledarskap. Medarbetarna i projektet \u00e4r noggrant utvalda av Andres och han har utnyttjat varje individs kompetens p\u00e5 b\u00e4sta s\u00e4tt.<\/p>\n<p>Drivkraften f\u00f6r Andres har varit att f\u00e5 vetskap om vad som egentligen h\u00e4nde det nedskjutna planet 13 juni 1952, f\u00f6r att kunna ber\u00e4tta sanningen om en h\u00e4ndelse under kalla kriget, en viktig del av v\u00e5r nuttidshistoria.<\/p>\n<p>Projektet har p\u00e5g\u00e5tt under fem \u00e5r med som mest 40 personer involverade, m\u00e5nga av dessa ideellt arbetande. Under perioden genomf\u00f6rdes 3 dykarexpeditioner p\u00e5 2-4 veckor vardera.<\/p>\n<p>Projektet har sponsrats av Carl Douglas och Marin M\u00e4tteknik.<\/p>\n<p>Svenska Projektakademien offentliggjorde utn\u00e4mningen av Andres Jallai i samband med Svenskt Projektforums konferens Projekt -05. Utm\u00e4rkelsen delades ut vid Akademiens h\u00f6gtidsm\u00f6te i januari 2005.<\/p>\n<p><a href=\"http:\/\/www.projektakademien.se\/pa\/wp-content\/uploads\/2012\/09\/Intervju-med-Anders-Jallai-\u00c5rets-Projektledare-2004.pdf\">L\u00e4s Torbj\u00f6rn Wenells intervju med Andres Jallai<\/a><\/p>\n","protected":false},"excerpt":{"rendered":"<p>\u00c5rets projektledare 2004 Andres Jallai \u00c5rets Projektledare 2004 Lokaliseringen av den nedskjutna DC3:an Svenska Projektakademien utser Andres Jallai till \u00c5rets Projektledare 2004. Andres var projektledare f\u00f6r gruppen som lokaliserade den svenska DC3:an som 1952 sk\u00f6ts ned \u00f6ver \u00d6stersj\u00f6n. Denna uppgift har tidigare ansetts vara om\u00f6jlig, staten har till exempel letat i mer \u00e4n 50 \u00e5r [&hellip;]<\/p>\n","protected":false},"author":1,"featured_media":0,"parent":130,"menu_order":41,"comment_status":"open","ping_status":"open","template":"","meta":{"ngg_post_thumbnail":0},"categories":[1],"tags":[],"_links":{"self":[{"href":"https:\/\/www.projektakademien.se\/pa\/wp-json\/wp\/v2\/pages\/279"}],"collection":[{"href":"https:\/\/www.projektakademien.se\/pa\/wp-json\/wp\/v2\/pages"}],"about":[{"href":"https:\/\/www.projektakademien.se\/pa\/wp-json\/wp\/v2\/types\/page"}],"author":[{"embeddable":true,"href":"https:\/\/www.projektakademien.se\/pa\/wp-json\/wp\/v2\/users\/1"}],"replies":[{"embeddable":true,"href":"https:\/\/www.projektakademien.se\/pa\/wp-json\/wp\/v2\/comments?post=279"}],"version-history":[{"count":11,"href":"https:\/\/www.projektakademien.se\/pa\/wp-json\/wp\/v2\/pages\/279\/revisions"}],"predecessor-version":[{"id":2612,"href":"https:\/\/www.projektakademien.se\/pa\/wp-json\/wp\/v2\/pages\/279\/revisions\/2612"}],"up":[{"embeddable":true,"href":"https:\/\/www.projektakademien.se\/pa\/wp-json\/wp\/v2\/pages\/130"}],"wp:attachment":[{"href":"https:\/\/www.projektakademien.se\/pa\/wp-json\/wp\/v2\/media?parent=279"}],"wp:term":[{"taxonomy":"category","embeddable":true,"href":"https:\/\/www.projektakademien.se\/pa\/wp-json\/wp\/v2\/categories?post=279"},{"taxonomy":"post_tag","embeddable":true,"href":"https:\/\/www.projektakademien.se\/pa\/wp-json\/wp\/v2\/tags?post=279"}],"curies":[{"name":"wp","href":"https:\/\/api.w.org\/{rel}","templated":true}]}}