{"id":1603,"date":"2012-11-20T09:40:49","date_gmt":"2012-11-20T08:40:49","guid":{"rendered":"http:\/\/www.projektakademien.se\/pa\/?page_id=1603"},"modified":"2015-05-29T13:31:47","modified_gmt":"2015-05-29T12:31:47","slug":"vinnare-2012","status":"publish","type":"page","link":"https:\/\/www.projektakademien.se\/pa\/utmarkelser\/arets-projektledare\/vinnare-2012\/","title":{"rendered":"\u00c5rets Projektledare 2012"},"content":{"rendered":"<h3><strong>\u00c5rets projektledare 2012: Maria Forss<\/strong><\/h3>\n<div>\n<div>\n<div id=\"attachment_852\" style=\"width: 305px\" class=\"wp-caption alignright\"><a href=\"http:\/\/www.projektakademien.se\/pa\/wp-content\/uploads\/2012\/11\/Maria-Forss.jpg\"><img aria-describedby=\"caption-attachment-852\" loading=\"lazy\" title=\"MariaForss\" src=\"http:\/\/www.projektakademien.se\/pa\/wp-content\/uploads\/2012\/11\/Maria-Forss.jpg\" alt=\"\" width=\"295\" height=\"348\" \/><\/a><p id=\"caption-attachment-852\" class=\"wp-caption-text\">Maria Forss.<\/p><\/div>\n<\/div>\n<\/div>\n<div>\n<div><strong>Maria Forss, Duocort AB, tilldelas Svenska ProjektAkademiens utm\u00e4rkelse \u00c5rets Projektledare 2012. Detta f\u00f6r sin mycket framg\u00e5ngsrika ledning av ett utvecklingsprojekt som resulterat i ett nytt l\u00e4kemedel f\u00f6r behandling av binjuresvikt (Addisons sjukdom). Hon har visat gott prov p\u00e5 stark och uth\u00e5llig ledning av ett komplext projekt i en virtuell organisation \u2013 vilket lett till den f\u00f6rsta innovationen p\u00e5 50 \u00e5r f\u00f6r behandling av binjuresvikt.<\/strong><\/div>\n<div>\n<div>Maria Forss har f\u00e5tt utm\u00e4rkelsen f\u00f6r sin framg\u00e5ngsrika ledning av l\u00e4kemedelsutveckling i en ren virtuell struktur och organisation. Under fyra \u00e5r har hon tagit projektet fr\u00e5n kliniska tester till registrering, lansering och f\u00f6rs\u00e4ljning av bolaget i oktober 2012. Hennes ledarstil har varit personlig och pr\u00e4glats av nyt\u00e4nkande, samtidigt har hon visat prov p\u00e5 mycket stort engagemang och uth\u00e5llighet. Hennes kompetens och f\u00f6rm\u00e5ga att s\u00e4tta sig in i alla projektets olika delar har varit viktigt f\u00f6r projektets framg\u00e5ng genom att hon d\u00e4rmed vunnit respekt hos \u00e4gare, innovat\u00f6rer, forskare, patientorganisationer, leverant\u00f6rer och olika f\u00f6rhandlingspartners.<\/div>\n<div>Maria Forss har lyckats formulera styrande gemensamma m\u00e5l som hon ocks\u00e5 effektivt kommunicerat ut till projektets alla deltagare \u2013 ett fyrtiotal intressenter \u2013 trots att hon varit den enda anst\u00e4llda i bolaget Duocort AB. Projektresultatet (l\u00e4kemedlet Plenadren\u00ae) f\u00f6rv\u00e4ntas ge en mycket god ekonomisk avkastning till \u00e4garna samtidigt med en stor medicinskt nytta till de som lider av binjurebarkssvikt (Addisons sjukdom). Resultatet visar att den virtuella organisationsformen i kombination med en stark, uth\u00e5llig och personlig projektledning \u00e4r ett mycket effektivt s\u00e4tt att utveckla l\u00e4kemedel p\u00e5 2010-talet.<\/div>\n<div>DuoCort AB \u00e4r ett projektbolag inom PULS och det grundades av forskare fr\u00e5n G\u00f6teborg och Uppsala universitet i syfte att utveckla behandling av adrenal insufficiens.<\/div>\n<div id=\"attachment_852\" style=\"width: 310px\" class=\"wp-caption alignleft\"><a href=\"http:\/\/www.projektakademien.se\/pa\/wp-content\/uploads\/2012\/12\/Maria-Forss_2.jpg\"><img aria-describedby=\"caption-attachment-852\" loading=\"lazy\" title=\"MariaForss\" class=\"size-medium wp-image-852\" src=\"http:\/\/www.projektakademien.se\/pa\/wp-content\/uploads\/2012\/12\/Maria-Forss_2.jpg\" alt=\"\" width=\"300\" height=\"225\" \/><\/a><p id=\"caption-attachment-852\" class=\"wp-caption-text\">Maria Forss med Projektakademiens diplom och vandringspokal. Fotograf: Sven Antvik.<\/p><\/div>\n<div>Det hel\u00e4gda dotterbolaget DuoCort Pharma \u00e4r det bolag som har utvecklat l\u00e4kemedlet Plenadren\u00ae. DuoCort AB har ing\u00e5tt avtal f\u00f6r att s\u00e4lja dotterbolaget. Det totala avtalsv\u00e4rdet uppg\u00e5r till \u00f6ver en miljard kronor varav 220 miljoner erh\u00f6lls i samband med det regulatoriska godk\u00e4nnandet av l\u00e4kemedlet Plenadren.<br \/>\nEnligt Jacob Kaluski (styrelseordf\u00f6rande) \u00e4r DuoCort ett bra exempel p\u00e5 hur ett litet svenskt f\u00f6retag kan ta fram en behandling som har potential att bli v\u00e4rldsledande och d\u00e4rtill ge god avkastning f\u00f6r de investerare som trott p\u00e5 och satsat riskkapital i utvecklingen av Plenadren\u00ae<\/div>\n<div>PULS- Partners f\u00f6r Utvecklingsinvesteringar inom Life Science grundades 2002 och arbetar som inkubator med privata finansi\u00e4rer f\u00f6r tidiga projekt inom life science. De har hittills startat sju projektbolag, varav Duocort AB \u00e4r ett utav dessa<\/div>\n<div>Plenadren\u00ae \u00e4r den f\u00f6rsta innovationen p\u00e5 \u00f6ver 50 \u00e5r f\u00f6r behandling av binjurebarksvikt, \u00e4ven kallad Addisons sjukdom. Sjukdomen \u00e4r ovanlig, drabbar patienter i aktiv \u00e5lder och kr\u00e4ver behandling hela livet. Utvecklingen har p\u00e5g\u00e5tt under sju \u00e5r i DuoCort Pharma. De kliniska studierna har utf\u00f6rts i samarbete med ett antal svenska universitetssjukhus.<\/div>\n<div>Gudmundur Johannsson, professor och \u00f6verl\u00e4kare i endokrinologi vid Sahlgrenska sjukhuset i G\u00f6teborg samt medicinskt ansvarig p\u00e5 DuoCort Pharma, s\u00e4ger i en kommentar: \u201d Denna nya fysiologiska behandling har en fantastisk potential att markant f\u00f6rb\u00e4ttra behandlingen f\u00f6r de 4000 patienter i Sverige som lider av binjurebarksvikt. Dessa beh\u00f6ver livsl\u00e5ng behandling f\u00f6r att ers\u00e4tta det livsviktiga kortisolet. Det nya behandlingsalternativet inneb\u00e4r minskad risk f\u00f6r hj\u00e4rt-k\u00e4rlsjukdom, samtidigt som en f\u00f6renklad och mer individanpassad dosering g\u00f6r att patienterna kan leva ett mer normalt liv.\u201d<\/div>\n<p><div>L\u00e4s Torbj\u00f6rn Wenells <a href=\"http:\/\/www.projektakademien.se\/pa\/wp-content\/uploads\/2013\/01\/Samtal-med-Maria-Forss.pdf\">intervju med Maria Forss<\/a>!<\/p>\n<div>Se en video fr\u00e5n presentationen av Maria Forss p\u00e5 Projektn\u00e4ring 2012 <a href=\"http:\/\/www.youtube.com\/playlist?list=PLvoZr5tcG_s-yLRnUzFl4cJT80ir4t5Rq&amp;feature=em-share_playlist_user\">h\u00e4r<\/a>!<\/div>\n<div>\n<hr size=\"3\" \/>\n<strong>De \u00f6vriga tre nominerade som kallades till slutintervju <\/strong>h\u00e5ller osedvanligt h\u00f6g standard och det finns ett stort l\u00e4rande att h\u00e4mta fr\u00e5n dessa personer och deras projekt. Nedan presenteras dessa mycket kortfattat:<\/div>\n<div>\n<div><strong>Mengmeng Du<\/strong>, Spotify (lansering av Spotify tillsammans med  Facebook samt lansering i sex olika l\u00e4nder). Hon visar upp en helt ny attityd till projektledning och projektgenomf\u00f6rande. Klassisk struktur och organisatorisk kompetens har anv\u00e4nts i kombination med nya s\u00e4tt att snabbt och i realtid kommunicera via olika chattl\u00f6sningar samt att placera lanseringsteam direkt inne hos partnern Facebook i Kalifornien. Hon visar stor f\u00f6rm\u00e5ga att hitta kommunikationsmodeller och roliga metaforer som g\u00f6r att delaktighet och drivkraft \u00f6kar. Hon gavs 100 procent f\u00f6rtroende och fullt mandat fr\u00e5n \u00e4gare och VD vilket medf\u00f6rt snabba och korta beslutv\u00e4gar. F\u00f6rm\u00e5gan att fokusera och viljan att l\u00f6sa problem samt att arbeta h\u00e5rt dygnet runt f\u00f6r att m\u00f6te en icke flyttbar deadline var avg\u00f6rande.<\/div>\n<div>\n<div><strong>H\u00e5kan W\u00e4nglund<\/strong>, SCA.  Den 13 december 2011 invigdes den nya mesaugnen vid \u00d6strands massafabrik. En mesaugn \u00e4r en del av en sulfatmassafabriks kemikalie\u00e5tervinningssystem. Mesaugnen var den f\u00f6rsta i v\u00e4rlden att eldas med biopellets fr\u00e5n SCAs anl\u00e4ggning i H\u00e4rn\u00f6sand. Projektet, en investering p\u00e5 500 mkr, var tekniskt nydanande. Det  genomf\u00f6rdes p\u00e5 en fabrik i drift och i enlighet med tidtabell och budget. Dessutom har alla projektm\u00e5len n\u00e5tts och \u00f6vertr\u00e4ffats. Hans ledarskap k\u00e4nnetecknas fr\u00e4mst av hans fantastiska f\u00f6rm\u00e5ga till total \u00f6verblick, hans f\u00f6rm\u00e5ga till prioritering, hans lugn och diplomati i stressade situationer parat med hans starka driv och m\u00e5linrikting. Hans alltid n\u00e4rvarande glada skratt och f\u00f6rm\u00e5ga att sprida god energi till alla omkring inspirerar andra till utveckling och prestation<\/div>\n<div>\n<div><strong>Per Zachrisson<\/strong>, Ericsson. Det h\u00e4r projektet handlade om att utveckla den mest fundamentala byggstenen f\u00f6r mobilt Internet \u2013 en radiobasstation (RBS6000) som knyter ihop 2G, 3G och 4:e generationens mobilsystem. Projektet hade ett strategiskt v\u00e4rde f\u00f6r RBS 6000 och skapade ett stort genomslag p\u00e5 marknaden. Det h\u00e4r projektets storlek och komplexitet st\u00e4llde v\u00e4ldiga krav p\u00e5 projektledarens f\u00f6rm\u00e5ga att bryta ned en komplex helhet s\u00e5 att det blev f\u00f6rst\u00e5eligt och inspirerande att arbeta f\u00f6r projektmedlemmarna. H\u00e4r vann Per Zachrisson, med sin breda tekniska bakgrund och djupa kunskap om projektledarrollen, m\u00e5ngas f\u00f6rtroende. Per har med sin f\u00f6rm\u00e5ga att f\u00f6rena m\u00e5nga olika viljeinriktningar i en gemensam v\u00e4g fram\u00e5t lyckats skapa ett driv och engagemang. Han har ocks\u00e5 en synnerligen god f\u00f6rm\u00e5ga att betrakta f\u00f6rh\u00e5llanden ur olika perspektiv utan f\u00f6rutfattade meningar, vilket medf\u00f6rt alternativa l\u00f6sningar och m\u00e5nga nya id\u00e9er.<\/div>\n<div>\n<div>\u00d6vriga tv\u00e5 som nominerades och utv\u00e4rderades i den f\u00f6rsta fasen var:<\/div>\n<div><strong>Catharina Danckwardt-Lilliestr\u00f6m<\/strong>, Uppsala Resecentrum, Uppsala Kommun<br \/>\n<strong>Per Ringstr\u00f6m<\/strong>, OSA projektet, transport av plutonium,Vattenfall \/BD Asset Development<\/div>\n<div>\n<hr size=\"3\" \/><\/div>\n<div>\n<div>Sedan 1995 delar Svenska ProjektAkademien ut utm\u00e4rkelsen \u00c5rets Projektledare till personer som gjort utomordentliga projektledarg\u00e4rningar. Akademien g\u00f6r bed\u00f6mningen efter ledarskapets utf\u00f6rande, resultatet av genomf\u00f6rd verksamhet, projektets omfattning och komplexitet samt nyt\u00e4nkande i projektarbetet. \u00c5rets pris delas ut i Stockholm p\u00e5 <em>Projektn\u00e4ring \u2013 m\u00f6tesplatsen f\u00f6r projektproffs<\/em>. Mer information finns p\u00e5 <a href=\"http:\/\/www.projektnaring.se\">Projektn\u00e4rings hemsida<\/a>.<\/div>\n<div>Svenska ProjektAkademien har till uppgift att fr\u00e4mja utvecklingen och till\u00e4mpningen av projektformen i svenskt arbetsliv. Bland akademiens ledam\u00f6ter finns tekniker, ekonomer, beteendevetare och humanister fr\u00e5n n\u00e4ringsliv, offentlig verksamhet, universitet och h\u00f6gskolor.<\/div>\n<\/div>\n<div>\n<div><strong>Kontakt:<\/strong><\/div>\n<div>Maria Forss, \u00c5rets projektledare, 070-9670007 , maria@crependo.se<br \/>\nChristian Berggren, Svenska ProjektAkademien, 070-370 00 81<\/div>\n<\/div>\n<\/div>\n<\/div>\n<\/div>\n<\/div>\n<\/div>\n<\/div>\n","protected":false},"excerpt":{"rendered":"<p>\u00c5rets projektledare 2012: Maria Forss Maria Forss, Duocort AB, tilldelas Svenska ProjektAkademiens utm\u00e4rkelse \u00c5rets Projektledare 2012. Detta f\u00f6r sin mycket framg\u00e5ngsrika ledning av ett utvecklingsprojekt som resulterat i ett nytt l\u00e4kemedel f\u00f6r behandling av binjuresvikt (Addisons sjukdom). Hon har visat gott prov p\u00e5 stark och uth\u00e5llig ledning av ett komplext projekt i en virtuell organisation [&hellip;]<\/p>\n","protected":false},"author":1,"featured_media":0,"parent":130,"menu_order":33,"comment_status":"open","ping_status":"open","template":"","meta":{"ngg_post_thumbnail":0},"categories":[1],"tags":[],"_links":{"self":[{"href":"https:\/\/www.projektakademien.se\/pa\/wp-json\/wp\/v2\/pages\/1603"}],"collection":[{"href":"https:\/\/www.projektakademien.se\/pa\/wp-json\/wp\/v2\/pages"}],"about":[{"href":"https:\/\/www.projektakademien.se\/pa\/wp-json\/wp\/v2\/types\/page"}],"author":[{"embeddable":true,"href":"https:\/\/www.projektakademien.se\/pa\/wp-json\/wp\/v2\/users\/1"}],"replies":[{"embeddable":true,"href":"https:\/\/www.projektakademien.se\/pa\/wp-json\/wp\/v2\/comments?post=1603"}],"version-history":[{"count":48,"href":"https:\/\/www.projektakademien.se\/pa\/wp-json\/wp\/v2\/pages\/1603\/revisions"}],"predecessor-version":[{"id":1606,"href":"https:\/\/www.projektakademien.se\/pa\/wp-json\/wp\/v2\/pages\/1603\/revisions\/1606"}],"up":[{"embeddable":true,"href":"https:\/\/www.projektakademien.se\/pa\/wp-json\/wp\/v2\/pages\/130"}],"wp:attachment":[{"href":"https:\/\/www.projektakademien.se\/pa\/wp-json\/wp\/v2\/media?parent=1603"}],"wp:term":[{"taxonomy":"category","embeddable":true,"href":"https:\/\/www.projektakademien.se\/pa\/wp-json\/wp\/v2\/categories?post=1603"},{"taxonomy":"post_tag","embeddable":true,"href":"https:\/\/www.projektakademien.se\/pa\/wp-json\/wp\/v2\/tags?post=1603"}],"curies":[{"name":"wp","href":"https:\/\/api.w.org\/{rel}","templated":true}]}}